{"id":7606,"date":"2023-09-12T16:47:19","date_gmt":"2023-09-12T14:47:19","guid":{"rendered":"https:\/\/seinesaintdenis.fr\/actualite\/?post_type=evenement&#038;p=7606"},"modified":"2023-09-13T14:34:28","modified_gmt":"2023-09-13T12:34:28","slug":"Olympiade-culturelle-celebrez-l%e2%80%99art-en-Seine-Saint-Denis%c2%a0","status":"publish","type":"evenement","link":"https:\/\/seinesaintdenis.fr\/actualite\/evenement\/Olympiade-culturelle-celebrez-l%e2%80%99art-en-Seine-Saint-Denis%c2%a0\/","title":{"rendered":"Olympiade culturelle : c\u00e9l\u00e9brez l\u2019art en Seine-Saint-Denis\u00a0!"},"content":{"rendered":"","protected":false},"author":19,"featured_media":7764,"comment_status":"open","ping_status":"closed","template":"","categories":[],"ville":[60,70,73,82,90,91],"class_list":["post-7606","evenement","type-evenement","status-publish","has-post-thumbnail","hentry"],"acf":[],"yoast_head":"<!-- This site is optimized with the Yoast SEO plugin v27.5 - https:\/\/yoast.com\/product\/yoast-seo-wordpress\/ -->\n<title>Olympiade culturelle : c\u00e9l\u00e9brez l\u2019art en Seine-Saint-Denis\u00a0! - Seine-Saint-Denis - L&#039;actualit\u00e9 du d\u00e9partement<\/title>\n<meta name=\"robots\" content=\"index, follow, max-snippet:-1, max-image-preview:large, max-video-preview:-1\" \/>\n<link rel=\"canonical\" href=\"https:\/\/seinesaintdenis.fr\/actualite\/evenement\/Olympiade-culturelle-celebrez-l\u2019art-en-Seine-Saint-Denis\u00a0\/\" \/>\n<meta property=\"og:locale\" content=\"fr_FR\" \/>\n<meta property=\"og:type\" content=\"article\" \/>\n<meta property=\"og:title\" content=\"Olympiade culturelle : c\u00e9l\u00e9brez l\u2019art en Seine-Saint-Denis\u00a0! - Seine-Saint-Denis - L&#039;actualit\u00e9 du d\u00e9partement\" \/>\n<meta property=\"og:url\" content=\"https:\/\/seinesaintdenis.fr\/actualite\/evenement\/Olympiade-culturelle-celebrez-l\u2019art-en-Seine-Saint-Denis\u00a0\/\" \/>\n<meta property=\"og:site_name\" content=\"Seine-Saint-Denis - L&#039;actualit\u00e9 du d\u00e9partement\" \/>\n<meta property=\"article:publisher\" content=\"https:\/\/www.facebook.com\/seinesaintdenisledepartement\" \/>\n<meta property=\"article:modified_time\" content=\"2023-09-13T12:34:28+00:00\" \/>\n<meta property=\"og:image\" content=\"https:\/\/seinesaintdenis.fr\/actualite\/wp-content\/uploads\/2023\/09\/fratellini-actu.jpg\" \/>\n\t<meta property=\"og:image:width\" content=\"1090\" \/>\n\t<meta property=\"og:image:height\" content=\"560\" \/>\n\t<meta property=\"og:image:type\" content=\"image\/jpeg\" \/>\n<meta name=\"twitter:card\" content=\"summary_large_image\" \/>\n<meta name=\"twitter:site\" content=\"@seinesaintdenis\" \/>\n<script type=\"application\/ld+json\" class=\"yoast-schema-graph\">{\"@context\":\"https:\\\/\\\/schema.org\",\"@graph\":[{\"@type\":\"WebPage\",\"@id\":\"https:\\\/\\\/seinesaintdenis.fr\\\/actualite\\\/evenement\\\/Olympiade-culturelle-celebrez-l%e2%80%99art-en-Seine-Saint-Denis%c2%a0\\\/\",\"url\":\"https:\\\/\\\/seinesaintdenis.fr\\\/actualite\\\/evenement\\\/Olympiade-culturelle-celebrez-l%e2%80%99art-en-Seine-Saint-Denis%c2%a0\\\/\",\"name\":\"Olympiade culturelle : c\u00e9l\u00e9brez l\u2019art en Seine-Saint-Denis\u00a0! - Seine-Saint-Denis - L&#039;actualit\u00e9 du d\u00e9partement\",\"isPartOf\":{\"@id\":\"https:\\\/\\\/seinesaintdenis.fr\\\/actualite\\\/#website\"},\"primaryImageOfPage\":{\"@id\":\"https:\\\/\\\/seinesaintdenis.fr\\\/actualite\\\/evenement\\\/Olympiade-culturelle-celebrez-l%e2%80%99art-en-Seine-Saint-Denis%c2%a0\\\/#primaryimage\"},\"image\":{\"@id\":\"https:\\\/\\\/seinesaintdenis.fr\\\/actualite\\\/evenement\\\/Olympiade-culturelle-celebrez-l%e2%80%99art-en-Seine-Saint-Denis%c2%a0\\\/#primaryimage\"},\"thumbnailUrl\":\"https:\\\/\\\/seinesaintdenis.fr\\\/actualite\\\/wp-content\\\/uploads\\\/2023\\\/09\\\/fratellini-actu.jpg\",\"datePublished\":\"2023-09-12T14:47:19+00:00\",\"dateModified\":\"2023-09-13T12:34:28+00:00\",\"breadcrumb\":{\"@id\":\"https:\\\/\\\/seinesaintdenis.fr\\\/actualite\\\/evenement\\\/Olympiade-culturelle-celebrez-l%e2%80%99art-en-Seine-Saint-Denis%c2%a0\\\/#breadcrumb\"},\"inLanguage\":\"fr-FR\",\"potentialAction\":[{\"@type\":\"ReadAction\",\"target\":[\"https:\\\/\\\/seinesaintdenis.fr\\\/actualite\\\/evenement\\\/Olympiade-culturelle-celebrez-l%e2%80%99art-en-Seine-Saint-Denis%c2%a0\\\/\"]}]},{\"@type\":\"ImageObject\",\"inLanguage\":\"fr-FR\",\"@id\":\"https:\\\/\\\/seinesaintdenis.fr\\\/actualite\\\/evenement\\\/Olympiade-culturelle-celebrez-l%e2%80%99art-en-Seine-Saint-Denis%c2%a0\\\/#primaryimage\",\"url\":\"https:\\\/\\\/seinesaintdenis.fr\\\/actualite\\\/wp-content\\\/uploads\\\/2023\\\/09\\\/fratellini-actu.jpg\",\"contentUrl\":\"https:\\\/\\\/seinesaintdenis.fr\\\/actualite\\\/wp-content\\\/uploads\\\/2023\\\/09\\\/fratellini-actu.jpg\",\"width\":1090,\"height\":560,\"caption\":\"Fratellini-\"},{\"@type\":\"BreadcrumbList\",\"@id\":\"https:\\\/\\\/seinesaintdenis.fr\\\/actualite\\\/evenement\\\/Olympiade-culturelle-celebrez-l%e2%80%99art-en-Seine-Saint-Denis%c2%a0\\\/#breadcrumb\",\"itemListElement\":[{\"@type\":\"ListItem\",\"position\":1,\"name\":\"Accueil\",\"item\":\"https:\\\/\\\/seinesaintdenis.fr\\\/actualite\\\/\"},{\"@type\":\"ListItem\",\"position\":2,\"name\":\"Agenda\",\"item\":\"https:\\\/\\\/seinesaintdenis.fr\\\/actualite\\\/evenement\\\/\"},{\"@type\":\"ListItem\",\"position\":3,\"name\":\"Olympiade culturelle : c\u00e9l\u00e9brez l\u2019art en Seine-Saint-Denis\u00a0!\"}]},{\"@type\":\"WebSite\",\"@id\":\"https:\\\/\\\/seinesaintdenis.fr\\\/actualite\\\/#website\",\"url\":\"https:\\\/\\\/seinesaintdenis.fr\\\/actualite\\\/\",\"name\":\"Seine-Saint-Denis - L'actualit\u00e9 du d\u00e9partement\",\"description\":\"L&#039;actualit\u00e9 du D\u00e9partement de la Seine-Saint-Denis\",\"publisher\":{\"@id\":\"https:\\\/\\\/seinesaintdenis.fr\\\/actualite\\\/#organization\"},\"potentialAction\":[{\"@type\":\"SearchAction\",\"target\":{\"@type\":\"EntryPoint\",\"urlTemplate\":\"https:\\\/\\\/seinesaintdenis.fr\\\/actualite\\\/?s={search_term_string}\"},\"query-input\":{\"@type\":\"PropertyValueSpecification\",\"valueRequired\":true,\"valueName\":\"search_term_string\"}}],\"inLanguage\":\"fr-FR\"},{\"@type\":\"Organization\",\"@id\":\"https:\\\/\\\/seinesaintdenis.fr\\\/actualite\\\/#organization\",\"name\":\"Seine-Saint-Denis - Le D\u00e9partement\",\"url\":\"https:\\\/\\\/seinesaintdenis.fr\\\/actualite\\\/\",\"logo\":{\"@type\":\"ImageObject\",\"inLanguage\":\"fr-FR\",\"@id\":\"https:\\\/\\\/seinesaintdenis.fr\\\/actualite\\\/#\\\/schema\\\/logo\\\/image\\\/\",\"url\":\"https:\\\/\\\/seinesaintdenis.fr\\\/actualite\\\/wp-content\\\/uploads\\\/2024\\\/08\\\/logo.png\",\"contentUrl\":\"https:\\\/\\\/seinesaintdenis.fr\\\/actualite\\\/wp-content\\\/uploads\\\/2024\\\/08\\\/logo.png\",\"width\":567,\"height\":172,\"caption\":\"Seine-Saint-Denis - Le D\u00e9partement\"},\"image\":{\"@id\":\"https:\\\/\\\/seinesaintdenis.fr\\\/actualite\\\/#\\\/schema\\\/logo\\\/image\\\/\"},\"sameAs\":[\"https:\\\/\\\/www.facebook.com\\\/seinesaintdenisledepartement\",\"https:\\\/\\\/x.com\\\/seinesaintdenis\",\"https:\\\/\\\/www.linkedin.com\\\/company\\\/seinesaintdenis\",\"https:\\\/\\\/www.instagram.com\\\/seine_saint_denis\\\/\",\"https:\\\/\\\/www.youtube.com\\\/channel\\\/UCR5YF9NnqiLCbnrKQgLUcIw\"]}]}<\/script>\n<!-- \/ Yoast SEO plugin. -->","yoast_head_json":{"title":"Olympiade culturelle : c\u00e9l\u00e9brez l\u2019art en Seine-Saint-Denis\u00a0! - Seine-Saint-Denis - L&#039;actualit\u00e9 du d\u00e9partement","robots":{"index":"index","follow":"follow","max-snippet":"max-snippet:-1","max-image-preview":"max-image-preview:large","max-video-preview":"max-video-preview:-1"},"canonical":"https:\/\/seinesaintdenis.fr\/actualite\/evenement\/Olympiade-culturelle-celebrez-l\u2019art-en-Seine-Saint-Denis\u00a0\/","og_locale":"fr_FR","og_type":"article","og_title":"Olympiade culturelle : c\u00e9l\u00e9brez l\u2019art en Seine-Saint-Denis\u00a0! - Seine-Saint-Denis - L&#039;actualit\u00e9 du d\u00e9partement","og_url":"https:\/\/seinesaintdenis.fr\/actualite\/evenement\/Olympiade-culturelle-celebrez-l\u2019art-en-Seine-Saint-Denis\u00a0\/","og_site_name":"Seine-Saint-Denis - L&#039;actualit\u00e9 du d\u00e9partement","article_publisher":"https:\/\/www.facebook.com\/seinesaintdenisledepartement","article_modified_time":"2023-09-13T12:34:28+00:00","og_image":[{"width":1090,"height":560,"url":"https:\/\/seinesaintdenis.fr\/actualite\/wp-content\/uploads\/2023\/09\/fratellini-actu.jpg","type":"image\/jpeg"}],"twitter_card":"summary_large_image","twitter_site":"@seinesaintdenis","schema":{"@context":"https:\/\/schema.org","@graph":[{"@type":"WebPage","@id":"https:\/\/seinesaintdenis.fr\/actualite\/evenement\/Olympiade-culturelle-celebrez-l%e2%80%99art-en-Seine-Saint-Denis%c2%a0\/","url":"https:\/\/seinesaintdenis.fr\/actualite\/evenement\/Olympiade-culturelle-celebrez-l%e2%80%99art-en-Seine-Saint-Denis%c2%a0\/","name":"Olympiade culturelle : c\u00e9l\u00e9brez l\u2019art en Seine-Saint-Denis\u00a0! - Seine-Saint-Denis - L&#039;actualit\u00e9 du d\u00e9partement","isPartOf":{"@id":"https:\/\/seinesaintdenis.fr\/actualite\/#website"},"primaryImageOfPage":{"@id":"https:\/\/seinesaintdenis.fr\/actualite\/evenement\/Olympiade-culturelle-celebrez-l%e2%80%99art-en-Seine-Saint-Denis%c2%a0\/#primaryimage"},"image":{"@id":"https:\/\/seinesaintdenis.fr\/actualite\/evenement\/Olympiade-culturelle-celebrez-l%e2%80%99art-en-Seine-Saint-Denis%c2%a0\/#primaryimage"},"thumbnailUrl":"https:\/\/seinesaintdenis.fr\/actualite\/wp-content\/uploads\/2023\/09\/fratellini-actu.jpg","datePublished":"2023-09-12T14:47:19+00:00","dateModified":"2023-09-13T12:34:28+00:00","breadcrumb":{"@id":"https:\/\/seinesaintdenis.fr\/actualite\/evenement\/Olympiade-culturelle-celebrez-l%e2%80%99art-en-Seine-Saint-Denis%c2%a0\/#breadcrumb"},"inLanguage":"fr-FR","potentialAction":[{"@type":"ReadAction","target":["https:\/\/seinesaintdenis.fr\/actualite\/evenement\/Olympiade-culturelle-celebrez-l%e2%80%99art-en-Seine-Saint-Denis%c2%a0\/"]}]},{"@type":"ImageObject","inLanguage":"fr-FR","@id":"https:\/\/seinesaintdenis.fr\/actualite\/evenement\/Olympiade-culturelle-celebrez-l%e2%80%99art-en-Seine-Saint-Denis%c2%a0\/#primaryimage","url":"https:\/\/seinesaintdenis.fr\/actualite\/wp-content\/uploads\/2023\/09\/fratellini-actu.jpg","contentUrl":"https:\/\/seinesaintdenis.fr\/actualite\/wp-content\/uploads\/2023\/09\/fratellini-actu.jpg","width":1090,"height":560,"caption":"Fratellini-"},{"@type":"BreadcrumbList","@id":"https:\/\/seinesaintdenis.fr\/actualite\/evenement\/Olympiade-culturelle-celebrez-l%e2%80%99art-en-Seine-Saint-Denis%c2%a0\/#breadcrumb","itemListElement":[{"@type":"ListItem","position":1,"name":"Accueil","item":"https:\/\/seinesaintdenis.fr\/actualite\/"},{"@type":"ListItem","position":2,"name":"Agenda","item":"https:\/\/seinesaintdenis.fr\/actualite\/evenement\/"},{"@type":"ListItem","position":3,"name":"Olympiade culturelle : c\u00e9l\u00e9brez l\u2019art en Seine-Saint-Denis\u00a0!"}]},{"@type":"WebSite","@id":"https:\/\/seinesaintdenis.fr\/actualite\/#website","url":"https:\/\/seinesaintdenis.fr\/actualite\/","name":"Seine-Saint-Denis - L'actualit\u00e9 du d\u00e9partement","description":"L&#039;actualit\u00e9 du D\u00e9partement de la Seine-Saint-Denis","publisher":{"@id":"https:\/\/seinesaintdenis.fr\/actualite\/#organization"},"potentialAction":[{"@type":"SearchAction","target":{"@type":"EntryPoint","urlTemplate":"https:\/\/seinesaintdenis.fr\/actualite\/?s={search_term_string}"},"query-input":{"@type":"PropertyValueSpecification","valueRequired":true,"valueName":"search_term_string"}}],"inLanguage":"fr-FR"},{"@type":"Organization","@id":"https:\/\/seinesaintdenis.fr\/actualite\/#organization","name":"Seine-Saint-Denis - Le D\u00e9partement","url":"https:\/\/seinesaintdenis.fr\/actualite\/","logo":{"@type":"ImageObject","inLanguage":"fr-FR","@id":"https:\/\/seinesaintdenis.fr\/actualite\/#\/schema\/logo\/image\/","url":"https:\/\/seinesaintdenis.fr\/actualite\/wp-content\/uploads\/2024\/08\/logo.png","contentUrl":"https:\/\/seinesaintdenis.fr\/actualite\/wp-content\/uploads\/2024\/08\/logo.png","width":567,"height":172,"caption":"Seine-Saint-Denis - Le D\u00e9partement"},"image":{"@id":"https:\/\/seinesaintdenis.fr\/actualite\/#\/schema\/logo\/image\/"},"sameAs":["https:\/\/www.facebook.com\/seinesaintdenisledepartement","https:\/\/x.com\/seinesaintdenis","https:\/\/www.linkedin.com\/company\/seinesaintdenis","https:\/\/www.instagram.com\/seine_saint_denis\/","https:\/\/www.youtube.com\/channel\/UCR5YF9NnqiLCbnrKQgLUcIw"]}]}},"_links":{"self":[{"href":"https:\/\/seinesaintdenis.fr\/actualite\/wp-json\/wp\/v2\/evenement\/7606","targetHints":{"allow":["GET"]}}],"collection":[{"href":"https:\/\/seinesaintdenis.fr\/actualite\/wp-json\/wp\/v2\/evenement"}],"about":[{"href":"https:\/\/seinesaintdenis.fr\/actualite\/wp-json\/wp\/v2\/types\/evenement"}],"author":[{"embeddable":true,"href":"https:\/\/seinesaintdenis.fr\/actualite\/wp-json\/wp\/v2\/users\/19"}],"replies":[{"embeddable":true,"href":"https:\/\/seinesaintdenis.fr\/actualite\/wp-json\/wp\/v2\/comments?post=7606"}],"version-history":[{"count":55,"href":"https:\/\/seinesaintdenis.fr\/actualite\/wp-json\/wp\/v2\/evenement\/7606\/revisions"}],"predecessor-version":[{"id":7897,"href":"https:\/\/seinesaintdenis.fr\/actualite\/wp-json\/wp\/v2\/evenement\/7606\/revisions\/7897"}],"wp:featuredmedia":[{"embeddable":true,"href":"https:\/\/seinesaintdenis.fr\/actualite\/wp-json\/wp\/v2\/media\/7764"}],"wp:attachment":[{"href":"https:\/\/seinesaintdenis.fr\/actualite\/wp-json\/wp\/v2\/media?parent=7606"}],"wp:term":[{"taxonomy":"category","embeddable":true,"href":"https:\/\/seinesaintdenis.fr\/actualite\/wp-json\/wp\/v2\/categories?post=7606"},{"taxonomy":"ville","embeddable":true,"href":"https:\/\/seinesaintdenis.fr\/actualite\/wp-json\/wp\/v2\/ville?post=7606"}],"curies":[{"name":"wp","href":"https:\/\/api.w.org\/{rel}","templated":true}]}}