{"version":"1.0","provider_name":"Seine-Saint-Denis - L&#039;actualit\u00e9 du d\u00e9partement","provider_url":"https:\/\/seinesaintdenis.fr\/actualite","author_name":"Isabelle Lopez","author_url":"https:\/\/seinesaintdenis.fr\/actualite\/author\/ilopez\/","title":"La r\u00e9volution des cantines - Seine-Saint-Denis - L&#039;actualit\u00e9 du d\u00e9partement","type":"rich","width":600,"height":338,"html":"<blockquote class=\"wp-embedded-content\" data-secret=\"LoMVQqfBMl\"><a href=\"https:\/\/seinesaintdenis.fr\/actualite\/jeunesse-education\/La-revolution-des-cantines\/\">La r\u00e9volution des cantines<\/a><\/blockquote><iframe sandbox=\"allow-scripts\" security=\"restricted\" src=\"https:\/\/seinesaintdenis.fr\/actualite\/jeunesse-education\/La-revolution-des-cantines\/embed\/#?secret=LoMVQqfBMl\" width=\"600\" height=\"338\" title=\"\u00ab\u00a0La r\u00e9volution des cantines\u00a0\u00bb &#8212; Seine-Saint-Denis - L&#039;actualit\u00e9 du d\u00e9partement\" data-secret=\"LoMVQqfBMl\" frameborder=\"0\" marginwidth=\"0\" marginheight=\"0\" scrolling=\"no\" class=\"wp-embedded-content\"><\/iframe><script type=\"text\/javascript\">\n\/* <![CDATA[ *\/\n\/*! This file is auto-generated *\/\n!function(d,l){\"use strict\";l.querySelector&&d.addEventListener&&\"undefined\"!=typeof URL&&(d.wp=d.wp||{},d.wp.receiveEmbedMessage||(d.wp.receiveEmbedMessage=function(e){var t=e.data;if((t||t.secret||t.message||t.value)&&!\/[^a-zA-Z0-9]\/.test(t.secret)){for(var s,r,n,a=l.querySelectorAll('iframe[data-secret=\"'+t.secret+'\"]'),o=l.querySelectorAll('blockquote[data-secret=\"'+t.secret+'\"]'),c=new RegExp(\"^https?:$\",\"i\"),i=0;i<o.length;i++)o[i].style.display=\"none\";for(i=0;i<a.length;i++)s=a[i],e.source===s.contentWindow&&(s.removeAttribute(\"style\"),\"height\"===t.message?(1e3<(r=parseInt(t.value,10))?r=1e3:~~r<200&&(r=200),s.height=r):\"link\"===t.message&&(r=new URL(s.getAttribute(\"src\")),n=new URL(t.value),c.test(n.protocol))&&n.host===r.host&&l.activeElement===s&&(d.top.location.href=t.value))}},d.addEventListener(\"message\",d.wp.receiveEmbedMessage,!1),l.addEventListener(\"DOMContentLoaded\",function(){for(var e,t,s=l.querySelectorAll(\"iframe.wp-embedded-content\"),r=0;r<s.length;r++)(t=(e=s[r]).getAttribute(\"data-secret\"))||(t=Math.random().toString(36).substring(2,12),e.src+=\"#?secret=\"+t,e.setAttribute(\"data-secret\",t)),e.contentWindow.postMessage({message:\"ready\",secret:t},\"*\")},!1)))}(window,document);\n\/* ]]> *\/\n<\/script>\n","thumbnail_url":"https:\/\/seinesaintdenis.fr\/actualite\/wp-content\/uploads\/2026\/08\/cantine-des-colleges-en-seine-saint-denis.jpg","thumbnail_width":1090,"thumbnail_height":560,"description":"Le D\u00e9partement souhaite \u00eatre exemplaire en termes de qualit\u00e9 alimentaire. Pour le bien-\u00eatre, la sant\u00e9 et la satisfaction des coll\u00e9gien\u00b7nes, il a engag\u00e9 la transformation de ses cantines depuis plusieurs ann\u00e9es \u2026 sans surco\u00fbt pour les parents. On vous explique."}