{"version":"1.0","provider_name":"Seine-Saint-Denis - L&#039;actualit\u00e9 du d\u00e9partement","provider_url":"https:\/\/seinesaintdenis.fr\/actualite","author_name":"Georges Makowski","author_url":"https:\/\/seinesaintdenis.fr\/actualite\/author\/gmakowski\/","title":"Du vert pour toutes et tous ! - Seine-Saint-Denis - L&#039;actualit\u00e9 du d\u00e9partement","type":"rich","width":600,"height":338,"html":"<blockquote class=\"wp-embedded-content\" data-secret=\"2fAkjU7LXL\"><a href=\"https:\/\/seinesaintdenis.fr\/actualite\/ecologie\/Du-vert-pour-toutes-et-tous\/\">Du vert pour toutes et tous !<\/a><\/blockquote><iframe sandbox=\"allow-scripts\" security=\"restricted\" src=\"https:\/\/seinesaintdenis.fr\/actualite\/ecologie\/Du-vert-pour-toutes-et-tous\/embed\/#?secret=2fAkjU7LXL\" width=\"600\" height=\"338\" title=\"\u00ab\u00a0Du vert pour toutes et tous !\u00a0\u00bb &#8212; Seine-Saint-Denis - L&#039;actualit\u00e9 du d\u00e9partement\" data-secret=\"2fAkjU7LXL\" frameborder=\"0\" marginwidth=\"0\" marginheight=\"0\" scrolling=\"no\" class=\"wp-embedded-content\"><\/iframe><script type=\"text\/javascript\">\n\/* <![CDATA[ *\/\n\/*! This file is auto-generated *\/\n!function(d,l){\"use strict\";l.querySelector&&d.addEventListener&&\"undefined\"!=typeof URL&&(d.wp=d.wp||{},d.wp.receiveEmbedMessage||(d.wp.receiveEmbedMessage=function(e){var t=e.data;if((t||t.secret||t.message||t.value)&&!\/[^a-zA-Z0-9]\/.test(t.secret)){for(var s,r,n,a=l.querySelectorAll('iframe[data-secret=\"'+t.secret+'\"]'),o=l.querySelectorAll('blockquote[data-secret=\"'+t.secret+'\"]'),c=new RegExp(\"^https?:$\",\"i\"),i=0;i<o.length;i++)o[i].style.display=\"none\";for(i=0;i<a.length;i++)s=a[i],e.source===s.contentWindow&&(s.removeAttribute(\"style\"),\"height\"===t.message?(1e3<(r=parseInt(t.value,10))?r=1e3:~~r<200&&(r=200),s.height=r):\"link\"===t.message&&(r=new URL(s.getAttribute(\"src\")),n=new URL(t.value),c.test(n.protocol))&&n.host===r.host&&l.activeElement===s&&(d.top.location.href=t.value))}},d.addEventListener(\"message\",d.wp.receiveEmbedMessage,!1),l.addEventListener(\"DOMContentLoaded\",function(){for(var e,t,s=l.querySelectorAll(\"iframe.wp-embedded-content\"),r=0;r<s.length;r++)(t=(e=s[r]).getAttribute(\"data-secret\"))||(t=Math.random().toString(36).substring(2,12),e.src+=\"#?secret=\"+t,e.setAttribute(\"data-secret\",t)),e.contentWindow.postMessage({message:\"ready\",secret:t},\"*\")},!1)))}(window,document);\n\/* ]]> *\/\n<\/script>\n","thumbnail_url":"https:\/\/seinesaintdenis.fr\/actualite\/wp-content\/uploads\/2026\/04\/parc-de-lile-saint-denis-vue-de-haut.jpg","thumbnail_width":1090,"thumbnail_height":560,"description":"Pionnier il y a 20 ans en obtenant le label Natura 2000, le D\u00e9partement multiplie les projets innovants pour plus de nature en ville. Dans un territoire urbain et dense comme le n\u00f4tre, v\u00e9g\u00e9taliser c\u2019est offrir un meilleur cadre de vie et pr\u00e9parer l\u2019avenir."}