{"version":"1.0","provider_name":"Seine-Saint-Denis - L&#039;actualit\u00e9 du d\u00e9partement","provider_url":"https:\/\/seinesaintdenis.fr\/actualite","author_name":"claude bardavid","author_url":"https:\/\/seinesaintdenis.fr\/actualite\/author\/claude-bardavid\/","title":"Sur les pas de Ren\u00e9e Gailhoustet - Seine-Saint-Denis - L&#039;actualit\u00e9 du d\u00e9partement","type":"rich","width":600,"height":338,"html":"<blockquote class=\"wp-embedded-content\" data-secret=\"xPPI2qUIlV\"><a href=\"https:\/\/seinesaintdenis.fr\/actualite\/culture-patrimoine\/Sur-les-pas-de-Renee-Gailhoustet\/\">Sur les pas de Ren\u00e9e Gailhoustet<\/a><\/blockquote><iframe sandbox=\"allow-scripts\" security=\"restricted\" src=\"https:\/\/seinesaintdenis.fr\/actualite\/culture-patrimoine\/Sur-les-pas-de-Renee-Gailhoustet\/embed\/#?secret=xPPI2qUIlV\" width=\"600\" height=\"338\" title=\"\u00ab\u00a0Sur les pas de Ren\u00e9e Gailhoustet\u00a0\u00bb &#8212; Seine-Saint-Denis - L&#039;actualit\u00e9 du d\u00e9partement\" data-secret=\"xPPI2qUIlV\" frameborder=\"0\" marginwidth=\"0\" marginheight=\"0\" scrolling=\"no\" class=\"wp-embedded-content\"><\/iframe><script type=\"text\/javascript\">\n\/* <![CDATA[ *\/\n\/*! This file is auto-generated *\/\n!function(d,l){\"use strict\";l.querySelector&&d.addEventListener&&\"undefined\"!=typeof URL&&(d.wp=d.wp||{},d.wp.receiveEmbedMessage||(d.wp.receiveEmbedMessage=function(e){var t=e.data;if((t||t.secret||t.message||t.value)&&!\/[^a-zA-Z0-9]\/.test(t.secret)){for(var s,r,n,a=l.querySelectorAll('iframe[data-secret=\"'+t.secret+'\"]'),o=l.querySelectorAll('blockquote[data-secret=\"'+t.secret+'\"]'),c=new RegExp(\"^https?:$\",\"i\"),i=0;i<o.length;i++)o[i].style.display=\"none\";for(i=0;i<a.length;i++)s=a[i],e.source===s.contentWindow&&(s.removeAttribute(\"style\"),\"height\"===t.message?(1e3<(r=parseInt(t.value,10))?r=1e3:~~r<200&&(r=200),s.height=r):\"link\"===t.message&&(r=new URL(s.getAttribute(\"src\")),n=new URL(t.value),c.test(n.protocol))&&n.host===r.host&&l.activeElement===s&&(d.top.location.href=t.value))}},d.addEventListener(\"message\",d.wp.receiveEmbedMessage,!1),l.addEventListener(\"DOMContentLoaded\",function(){for(var e,t,s=l.querySelectorAll(\"iframe.wp-embedded-content\"),r=0;r<s.length;r++)(t=(e=s[r]).getAttribute(\"data-secret\"))||(t=Math.random().toString(36).substring(2,12),e.src+=\"#?secret=\"+t,e.setAttribute(\"data-secret\",t)),e.contentWindow.postMessage({message:\"ready\",secret:t},\"*\")},!1)))}(window,document);\n\/* ]]> *\/\n<\/script>\n","thumbnail_url":"https:\/\/seinesaintdenis.fr\/actualite\/wp-content\/uploads\/2023\/09\/9-16-09-2023-realisations-de-renee-gailhoustet-en-seine-saint-denis-sh-24-scaled.jpg","thumbnail_width":2560,"thumbnail_height":1387,"description":"Lors de ces Journ\u00e9es, une visite de quelques lieux embl\u00e9matiques de l\u2019\u0153uvre de Ren\u00e9e Gailhoustet, une grande dame de l\u2019architecture et de l\u2019urbanisme, \u00e9tait propos\u00e9e aux habitant\u00b7e\u00b7s du d\u00e9partement. Le D\u00e9partement s\u2019est engag\u00e9 depuis quelques ann\u00e9es \u00e0 mettre \u00e0 l\u2019honneur son matrimoine, et \u00e0 travers lui les femmes qui l\u2019ont imagin\u00e9 et r\u00e9alis\u00e9."}