{"version":"1.0","provider_name":"Seine-Saint-Denis - L&#039;actualit\u00e9 du d\u00e9partement","provider_url":"https:\/\/seinesaintdenis.fr\/actualite","author_name":"Isabelle Lopez","author_url":"https:\/\/seinesaintdenis.fr\/actualite\/author\/ilopez\/","title":"Mes projets pour Notre-Dame de Paris - Seine-Saint-Denis - L&#039;actualit\u00e9 du d\u00e9partement","type":"rich","width":600,"height":338,"html":"<blockquote class=\"wp-embedded-content\" data-secret=\"fjdl7Zh6HN\"><a href=\"https:\/\/seinesaintdenis.fr\/actualite\/culture-patrimoine\/Mes-projets-pour-Notre-Dame-de-Paris\/\">Mes projets pour Notre-Dame de Paris<\/a><\/blockquote><iframe sandbox=\"allow-scripts\" security=\"restricted\" src=\"https:\/\/seinesaintdenis.fr\/actualite\/culture-patrimoine\/Mes-projets-pour-Notre-Dame-de-Paris\/embed\/#?secret=fjdl7Zh6HN\" width=\"600\" height=\"338\" title=\"\u00ab\u00a0Mes projets pour Notre-Dame de Paris\u00a0\u00bb &#8212; Seine-Saint-Denis - L&#039;actualit\u00e9 du d\u00e9partement\" data-secret=\"fjdl7Zh6HN\" frameborder=\"0\" marginwidth=\"0\" marginheight=\"0\" scrolling=\"no\" class=\"wp-embedded-content\"><\/iframe><script type=\"text\/javascript\">\n\/* <![CDATA[ *\/\n\/*! This file is auto-generated *\/\n!function(d,l){\"use strict\";l.querySelector&&d.addEventListener&&\"undefined\"!=typeof URL&&(d.wp=d.wp||{},d.wp.receiveEmbedMessage||(d.wp.receiveEmbedMessage=function(e){var t=e.data;if((t||t.secret||t.message||t.value)&&!\/[^a-zA-Z0-9]\/.test(t.secret)){for(var s,r,n,a=l.querySelectorAll('iframe[data-secret=\"'+t.secret+'\"]'),o=l.querySelectorAll('blockquote[data-secret=\"'+t.secret+'\"]'),c=new RegExp(\"^https?:$\",\"i\"),i=0;i<o.length;i++)o[i].style.display=\"none\";for(i=0;i<a.length;i++)s=a[i],e.source===s.contentWindow&&(s.removeAttribute(\"style\"),\"height\"===t.message?(1e3<(r=parseInt(t.value,10))?r=1e3:~~r<200&&(r=200),s.height=r):\"link\"===t.message&&(r=new URL(s.getAttribute(\"src\")),n=new URL(t.value),c.test(n.protocol))&&n.host===r.host&&l.activeElement===s&&(d.top.location.href=t.value))}},d.addEventListener(\"message\",d.wp.receiveEmbedMessage,!1),l.addEventListener(\"DOMContentLoaded\",function(){for(var e,t,s=l.querySelectorAll(\"iframe.wp-embedded-content\"),r=0;r<s.length;r++)(t=(e=s[r]).getAttribute(\"data-secret\"))||(t=Math.random().toString(36).substring(2,12),e.src+=\"#?secret=\"+t,e.setAttribute(\"data-secret\",t)),e.contentWindow.postMessage({message:\"ready\",secret:t},\"*\")},!1)))}(window,document);\n\/* ]]> *\/\n<\/script>\n","thumbnail_url":"https:\/\/seinesaintdenis.fr\/actualite\/wp-content\/uploads\/2025\/04\/photo-sylvain-retouchee-01-1-scaled.jpg","thumbnail_width":2560,"thumbnail_height":1706,"description":"Thierry Escaich, natif de Rosny-sous-Bois, est d\u00e9sormais organiste dans l\u2019\u00e9glise la plus c\u00e9l\u00e8bre du monde. Ce compositeur qui a \u00e9crit deux op\u00e9ras et plus de 120 \u0153uvres, enseigne au Conservatoire national sup\u00e9rieur de musique. Il est aussi membre de l\u2019acad\u00e9mie fran\u00e7aise. Il nous parle de ce nouveau chapitre dans sa vie et de ses projets pour Notre Dame."}